{"id":477,"date":"2022-07-05T15:13:44","date_gmt":"2022-07-05T13:13:44","guid":{"rendered":"https:\/\/www.avita-living.at\/en\/?page_id=477"},"modified":"2024-02-08T10:34:20","modified_gmt":"2024-02-08T09:34:20","slug":"impressum","status":"publish","type":"page","link":"https:\/\/www.avita-living.at\/en\/impressum\/","title":{"rendered":"Imprint"},"content":{"rendered":"<section class=\"wp-block-container container heading\">\n<h2 class=\"wp-block-heading\">Imprint<\/h2>\n<\/section>\n\n<section class=\"wp-block-container container heading\">\n<h1 class=\"wp-block-heading\"><\/h1>\n<\/section>\n\n<section class=\"wp-block-container container heading\">\n<h3 class=\"wp-block-heading\">Unternehmensdaten<\/h3>\n<\/section>\n\n<section class=\"wp-block-container container heading\">\n<h4 class=\"wp-block-heading\">A-VITA Veranstaltungs GmbH<\/h4>\n<\/section>\n\n<section class=\"wp-block-container container para\">\n<p>Hohe Munde Stra\u00dfe 589<br>A-6100 Seefeld in Tirol, Austria<br>Tel:\u00a0<a href=\"tel:00435212%204441\" target=\"_blank\" rel=\"noreferrer noopener\">+43(0)5212 4441<\/a><br>Fax: +43(0)5212 4443<br>E-Mail:\u00a0<a href=\"mailto:hotel@viktoria.at\">hotel@viktoria.at<\/a><br>ATU 48770600<\/p>\n<\/section>\n\n<section class=\"wp-block-container container para\">\n<p><strong>Gesch\u00e4ftsf\u00fchrer:<\/strong><br>Anita Hell<\/p>\n<\/section>\n\n<section class=\"wp-block-container container heading\">\n<h3 class=\"wp-block-heading\">Bilder &amp; Visualisierungen<\/h3>\n<\/section>\n\n<section class=\"wp-block-container container para\">\n<p><strong>Bilder:<\/strong>&nbsp;@TVB Seefeld &#8211;&nbsp;<a href=\"https:\/\/www.seefeld.com\/\" target=\"_blank\" rel=\"noreferrer noopener\">www.seefeld.com<\/a><br><strong>Renderings:<\/strong>&nbsp;Renderwerk Wolf &amp; Fr\u00f6ch OG &#8211;&nbsp;<a href=\"https:\/\/www.renderwerk.at\/\" target=\"_blank\" rel=\"noreferrer noopener\">www.renderwerk.at<\/a><\/p>\n<\/section>\n\n<section class=\"wp-block-container container heading\">\n<h3 class=\"wp-block-heading\">Ausschluss der Haftung Haftung f\u00fcr Inhalte<\/h3>\n<\/section>\n\n<section class=\"wp-block-container container para\">\n<p>S\u00e4mtliche Inhalte unserer Internetseiten sind mit gr\u00f6\u00dftm\u00f6glicher Sorgfalt erstellt worden. Dennoch ist es uns nicht m\u00f6glich, eine Gew\u00e4hr daf\u00fcr zu \u00fcbernehmen, dass diese Inhalte richtig, vollst\u00e4ndig und aktuell sind. Wir sind f\u00fcr die eigenen Inhalte auf unseren Internetseiten verantwortlich. Es besteht f\u00fcr uns allerdings keine Verpflichtung, dass wir Informationen von Dritten, die \u00fcbermittelt oder gespeichert wurden, \u00fcberwachen oder Umst\u00e4nde ausforschen m\u00fcssten, die Hinweise auf nicht rechtm\u00e4\u00dfige T\u00e4tigkeiten ergeben. Davon nicht ber\u00fchrt, ist unsere Verpflichtung zur Sperrung oder Entfernung von Informationen, welche uns von den allgemeinen Gesetzen auferlegt wird. Wir haften allerdings insoweit erst in dem Moment, in dem wir von einer konkreten Verletzung von Rechten Kenntnis erlangen. Wenn wir von einer solchen Verletzung von Rechten Kenntnis erlangen, wird eine unverz\u00fcgliche Entfernung der entsprechenden Inhalte erfolgen.<\/p>\n<\/section>\n\n<section class=\"wp-block-container container heading\">\n<h3 class=\"wp-block-heading\">Haftung f\u00fcr Links<\/h3>\n<\/section>\n\n<section class=\"wp-block-container container para\">\n<p>Unsere Internetseiten enthalten Links, die zu externen Internetseiten von Dritten f\u00fchren. Auf die Inhalte dieser externen Seiten haben wir keine Einflussm\u00f6glichkeiten. Es ist uns daher nicht m\u00f6glich, eine Gew\u00e4hr f\u00fcr diese Inhalte zu \u00fcbernehmen. Die Verantwortung daf\u00fcr hat immer der jeweilige Anbieter\/Betreiber der entsprechenden Internetseiten. Wir \u00fcberpr\u00fcfen die von uns verlinkten Internetseiten zum Zeitpunkt der Verlinkung auf einen m\u00f6glichen Rechtsversto\u00df. Die Verlinkung kommt nur dann zustande, wenn ein rechtswidriger Inhalt zu diesem Zeitpunkt nicht erkennbar ist. Es kann uns jedoch, ohne einen konkreten Anhaltspunkt, nicht zugemutet werden, st\u00e4ndig die verlinkten Internetseiten inhaltlich zu kontrollieren. Wenn wir jedoch von einer Rechtsverletzung Kenntnis erlangen, werden wir den entsprechenden Link unverz\u00fcglich entfernen.<\/p>\n<\/section>\n\n<section class=\"wp-block-container container heading\">\n<h3 class=\"wp-block-heading\">Urheberrecht<\/h3>\n<\/section>\n\n<section class=\"wp-block-container container para\">\n<p>Die auf unseren Internetseiten enthaltenen Werke und Inhalte unterstehen dem Urheberrecht. Ohne schriftliche Genehmigung des jeweiligen Erstellers oder Autors d\u00fcrfen die Werke bzw. Inhalte nicht vervielf\u00e4ltigt, bearbeitet, verbreitet und verwertet werden. Das Herunterladen und Kopieren unserer Internetseite ist nicht erlaubt. Wir weisen darauf hin, dass hinsichtlich der Inhalte auf unserer Internetseite, soweit sie nicht von uns erstellt worden sind, das Urheberrecht von Dritten beachtet wurde. Inhalte von Dritten erhalten als solche eine Kennzeichnung von uns. Wir w\u00e4ren Ihnen dankbar, wenn Sie uns einen Hinweis erteilen w\u00fcrden, falls Sie trotzdem auf eine Urheberrechtsverletzung gesto\u00dfen sind. Wenn wir von einer solchen Urheberrechtsverletzung Kenntnis erlangen, werden wir den entsprechenden Inhalt unverz\u00fcglich entfernen.<\/p>\n<\/section>\n\n<section class=\"wp-block-container container heading\">\n<h3 class=\"wp-block-heading\">Datenschutz<\/h3>\n<\/section>\n\n<section class=\"wp-block-container container para\">\n<p>Unsere Internetseite kann regelm\u00e4\u00dfig ohne die Angabe von personenbezogenen Daten genutzt werden. Falls solche Daten (z.B. Name, Adresse oder E-Mail) doch erhoben werden sollten, geschieht das, weitestgehend m\u00f6glich, freiwillig. Eine Weitergabe dieser Daten darf nur dann erfolgen, wenn Sie ausdr\u00fccklich zustimmen.<\/p>\n<\/section>\n\n<section class=\"wp-block-container container para\">\n<p>Die \u00dcbertragung von Daten im Internet kann Sicherheitsl\u00fccken beinhalten. Es ist daher m\u00f6glich, dass Dritte Zugriff auf diese Daten erlangen. Ein l\u00fcckenloser Schutz ist nicht m\u00f6glich.<\/p>\n<\/section>\n\n<section class=\"wp-block-container container para\">\n<p>Wir widersprechen an dieser Stelle der Nutzung unserer Kontaktdaten, die wir im Impressum ver\u00f6ffentlicht haben, durch Dritte, die uns damit nicht verlangte Werbung\/Informationsmaterial\/Spam-Mails zukommen lassen oder zukommen lassen wollen. Sollte dies doch geschehen, behalten wir uns rechtliche Schritte dagegen vor.<\/p>\n<\/section>\n\n<section class=\"wp-block-container container heading\">\n<h3 class=\"wp-block-heading\">Datenschutzerkl\u00e4rung f\u00fcr die Nutzung von Facebook-Plugins (Like-Button)<\/h3>\n<\/section>\n\n<section class=\"wp-block-container container para\">\n<p>Auf unseren Seiten sind Plugins des sozialen Netzwerks Facebook, 1601 South California Avenue, Palo Alto, CA 94304, USA integriert. Die Facebook-Plugins erkennen Sie an dem Facebook-Logo oder dem \u201cLike-Button\u201d (\u201cGef\u00e4llt mir\u201c) auf unserer Seite. Eine \u00dcbersicht \u00fcber die Facebook-Plugins finden Sie hier:<a href=\"https:\/\/developers.facebook.com\/docs\/plugins\/\" target=\"_blank\" rel=\"noreferrer noopener\">https:\/\/developers.facebook.com\/docs\/plugins\/<\/a>&nbsp;Wenn Sie unsere Seiten besuchen, wird \u00fcber das Plugin eine direkte Verbindung zwischen Ihrem Browser und dem Facebook-Server hergestellt. Facebook erh\u00e4lt dadurch die Information, dass Sie mit Ihrer IP-Adresse unsere Seite besucht haben. Wenn Sie den Facebook \u201eLike-Button\u201c anklicken w\u00e4hrend Sie in Ihrem Facebook-Account eingeloggt sind, k\u00f6nnen Sie die Inhalte unserer Seiten auf Ihrem Facebook-Profil verlinken. Dadurch kann Facebook den Besuch unserer Seiten Ihrem Benutzerkonto zuordnen. Wir weisen darauf hin, dass wir als Anbieter der Seiten keine Kenntnis vom Inhalt der \u00fcbermittelten Daten sowie deren Nutzung durch Facebook erhalten. Weitere Informationen hierzu finden Sie in der Datenschutzerkl\u00e4rung von facebook unter&nbsp;<a href=\"https:\/\/de-de.facebook.com\/policy.php\" target=\"_blank\" rel=\"noreferrer noopener\">https:\/\/de-de.facebook.com\/policy.php<\/a><\/p>\n<\/section>\n\n<section class=\"wp-block-container container para\">\n<p>Wenn Sie nicht w\u00fcnschen, dass Facebook den Besuch unserer Seiten Ihrem Facebook-Nutzerkonto zuordnen kann, loggen Sie sich bitte aus Ihrem Facebook-Benutzerkonto aus.<\/p>\n<\/section>\n\n<section class=\"wp-block-container container heading\">\n<h3 class=\"wp-block-heading\">Datenschutz \u2013 Twitter<\/h3>\n<\/section>\n\n<section class=\"wp-block-container container para\">\n<p>Unsere Internetpr\u00e4senz nutzt sog. Social Plugins des sozialen Netzwerkes twitter.com (\u201cTwitter\u201d). Twitter wird von der Twitter Inc.,795 Folsom St., Suite 600, San Francisco, CA 94107, USA betrieben. Detaillierte Hinweise zu den Funktionen der einzelnen Plugins und deren Erscheinungsbild finden Sie auf der folgenden Webseite:&nbsp;<a href=\"https:\/\/dev.twitter.com\/docs\/twitter-for-websites\" target=\"_blank\" rel=\"noreferrer noopener\">dev.twitter.com\/docs\/twitter-for-websites<\/a>.<br>Diejenigen Webseiten unserer Internetpr\u00e4senz, die Twitter Social Plugins enthalten, stellen \u00fcber Ihren Browser eine direkte Verbindung mit den Servern von Twitter her, wenn Sie von Ihnen ge\u00f6ffnet werden. An Twitter wird dadurch die Information \u00fcbermittelt, dass die das Social Plugin enthaltende Seite unseres Internetangebots von Ihnen aufgerufen wurde. Soweit Sie zu diesem Zeitpunkt bei Twitter eingeloggt sind, k\u00f6nnen der Besuch unserer Seiten sowie s\u00e4mtliche Ihrer Interaktionen im Zusammenhang mit den Social Plugins (z.B. Klicken des \u201cTwittern\u201d-Buttons) Ihrem Twitter-Profil zugeordnet und bei Twitter gespeichert werden. Selbst wenn Sie kein Twitter-Profil haben, ist nicht auszuschlie\u00dfen, dass Twitter Ihre IP-Adresse speichert.<br>Hinsichtlich des Zwecks und Umfangs der Datenerhebung sowie der Verarbeitung und Nutzung der Daten durch Twitter verweisen wir auf die Twitter-Datenschutzrichtlinie. Dort finden Sie au\u00dferdem eine \u00dcbersicht der Einstellungsm\u00f6glichkeiten in Ihrem pers\u00f6nlichen Twitter-Profil zum Schutz Ihrer Privatsph\u00e4re und Ihre damit zusammenh\u00e4ngenden Rechte.<br>Um zu verhindern, dass Twitter die oben genannten Daten durch Ihren Aufenthalt auf unserem Internetangebot sammelt, loggen Sie sich vor Ihrem Besuch unserer Seite bei Twitter aus. Um einen generellen Zugriff von Twitter auf Ihre Daten auf unseren und auf sonstigen Webseiten zu verhindern, k\u00f6nnen Sie Twitter Social-Plugins durch ein Add-On f\u00fcr Ihren Browser (z.B. \u201cTwitter-Blocker\u201d,&nbsp;<a href=\"https:\/\/disconnect.me\/\" target=\"_blank\" rel=\"noreferrer noopener\">disconnect.me<\/a>) ausschlie\u00dfen.<\/p>\n<\/section>\n\n<section class=\"wp-block-container container heading\">\n<h3 class=\"wp-block-heading\">Datenschutz \u2013&nbsp;Google Analytics<\/h3>\n<\/section>\n\n<section class=\"wp-block-container container para\">\n<p>\u201eDiese Website benutzt Google Analytics, einen Webanalysedienst der Google Inc. (\u201eGoogle\u201d). Google Analytics verwendet sog. \u201eCookies\u201d, Textdateien, die auf Ihrem Computer gespeichert werden und die eine Analyse der Benutzung der Website durch Sie erm\u00f6glichen. Die durch den Cookie erzeugten Informationen \u00fcber Ihre Benutzung dieser Website (einschlie\u00dflich Ihrer IP-Adresse) wird an einen Server von Google in den USA \u00fcbertragen und dort gespeichert. Google wird diese Informationen benutzen, um Ihre Nutzung der Website auszuwerten, um Reports \u00fcber die Websiteaktivit\u00e4ten f\u00fcr die Websitebetreiber zusammenzustellen und um weitere mit der Websitenutzung und der Internetnutzung verbundene Dienstleistungen zu erbringen. Auch wird Google diese Informationen gegebenenfalls an Dritte \u00fcbertragen, sofern dies gesetzlich vorgeschrieben oder soweit Dritte diese Daten im Auftrag von Google verarbeiten. Google wird in keinem Fall Ihre IP-Adresse mit anderen Daten von Google in Verbindung bringen. Sie k\u00f6nnen die Installation der Cookies durch eine entsprechende Einstellung Ihrer Browser Software verhindern; wir weisen Sie jedoch darauf hin, dass Sie in diesem Fall gegebenenfalls nicht s\u00e4mtliche Funktionen dieser Website vollumf\u00e4nglich nutzen k\u00f6nnen. Durch die Nutzung dieser Website erkl\u00e4ren Sie sich mit der Bearbeitung der \u00fcber Sie erhobenen Daten durch Google in der zuvor beschriebenen Art und Weise und zu dem zuvor benannten Zweck einverstanden.\u201d<br>Soweit Google Adsense, ein Webanzeigendienst der Google Inc., USA (\u201cGoogle\u201d), auf dieser Website Werbung (Textanzeigen, Banner etc.) schaltet, speichert Ihr Browser eventuell ein von Google Inc. oder Dritten gesendetes Cookie. Die in dem Cookie gespeicherten Informationen k\u00f6nnen durch Google Inc. oder auch Dritte aufgezeichnet, gesammelt und ausgewertet werden. Dar\u00fcber hinaus verwendet Google Adsense zur Sammlung von Informationen auch sog. \u201cWebBacons\u201d (kleine unsichtbare Grafiken), durch deren Verwendung einfache Aktionen wie der Besucherverkehr auf der Webseite aufgezeichnet, gesammelt und ausgewertet werden k\u00f6nnen. Die durch den Cookie und\/oder Web Bacon erzeugten Informationen \u00fcber Ihre Nutzung dieser Website werden an einen Server von Google in den USA \u00fcbertragen und dort gespeichert. Google benutzt die so erhaltenen Informationen, um eine Auswertung Ihres Nutzungsverhaltens im Hinblick auf die AdSense-Anzeigen durchzuf\u00fchren. Google wird diese Informationen gegebenenfalls auch an Dritte \u00fcbertragen, sofern dies gesetzlich vorgeschrieben ist oder soweit Dritte diese Daten im Auftrag von Google verarbeiten. Ihre IP-Adresse wird von Google nicht mit anderen von Google gespeicherten Daten in Verbindung gebracht. Sie k\u00f6nnen das Speichern von Cookies auf Ihrer Festplatte und die Anzeige von Web Bacons verhindern. Dazu m\u00fcssen Sie in Ihren Browser-Einstellungen \u201ckeine Cookies akzeptieren\u201d w\u00e4hlen (Im Internet-Explorer unter \u201cExtras \/ Internetoptionen \/ Datenschutz \/ Einstellung\u201d, bei Firefox unter \u201cExtras \/ Einstellungen \/ Datenschutz \/ Cookies\u201d).<br>Weitere Informationen \u00fcber die Datenschutzbestimmungen von Google finden Sie auf der Webseite von Google Analytics.<\/p>\n<\/section>\n\n\n<div style=\"height:100px\" aria-hidden=\"true\" class=\"wp-block-spacer\"><\/div>\n\n\n<section class=\"  cards-slider-copy\">\n    <div class=\"cards-slider-copy-inner container\">\n                        <div class=\"entry-cards-slider-classic\">\n                                                            <a href=\"https:\/\/www.viktoria.at\/\">\n                                                    <div class=\"card-item\" style=\"background-image: url(https:\/\/www.avita-living.at\/en\/wp-content\/uploads\/sites\/10\/2022\/08\/CF054667-1-791x593-1.jpeg);\">\n                                                                <div class=\"card-head\">\n                                    <img decoding=\"async\" src=\"https:\/\/www.avita-living.at\/en\/wp-content\/uploads\/sites\/10\/2022\/08\/viktoria-square-230x230.png\" alt=\"Viktoria\"  title=\"viktoria-square\">\n                                <\/div>\n                                                                                                <div class=\"card-body\">\n                                                                        <h2 class=\"card-title white\">Viktoria Residences<\/h2>\n                                                                                                            <p>SEEFELD TIROL<\/p>\n                                                                                                            <h3 class=\"card-sub-title white\">SEEFELD TIROL<\/h3>\n                                                                        <div class=\"btn-square\">\n                                        <span class=\"card-link\">\n                                            <img decoding=\"async\" src=\"https:\/\/www.avita-living.at\/en\/wp-content\/themes\/avita\/img\/icons\/arrow-right-icon-white.svg\" alt=\"arrow-right\">\n                                        <\/span>\n                                    <\/div>\n                                <\/div>\n                                                            <\/div>\n                                                <\/a>\n                                                             \n                                                            <a href=\"https:\/\/www.avita-living.at\/en\/\">\n                                                    <div class=\"card-item\" style=\"background-image: url(https:\/\/www.avita-living.at\/en\/wp-content\/uploads\/sites\/10\/2022\/08\/top15_04-1-791x527-1.jpeg);\">\n                                                                <div class=\"card-head\">\n                                    <img decoding=\"async\" src=\"https:\/\/www.avita-living.at\/en\/wp-content\/uploads\/sites\/10\/2022\/06\/avita-living-230x230.png\" alt=\"Living\"  title=\"avita-living\">\n                                <\/div>\n                                                                                                <div class=\"card-body\">\n                                                                        <h2 class=\"card-title white\">A-VITA living<\/h2>\n                                                                                                            <p>SEEFELD TIROL<\/p>\n                                                                                                            <h3 class=\"card-sub-title white\">SEEFELD TIROL<\/h3>\n                                                                        <div class=\"btn-square\">\n                                        <span class=\"card-link\">\n                                            <img decoding=\"async\" src=\"https:\/\/www.avita-living.at\/en\/wp-content\/themes\/avita\/img\/icons\/arrow-right-icon-white.svg\" alt=\"arrow-right\">\n                                        <\/span>\n                                    <\/div>\n                                <\/div>\n                                                            <\/div>\n                                                <\/a>\n                                                             \n                    <\/div>\n\n        \n    <div class=\"entry-cards-slider-dots\"><\/div>\n            <\/div>\n    <\/section>    \n","protected":false},"excerpt":{"rendered":"<p>Imprint Unternehmensdaten A-VITA Veranstaltungs GmbH Hohe Munde Stra\u00dfe 589A-6100 Seefeld in Tirol, AustriaTel:\u00a0+43(0)5212 4441Fax: +43(0)5212 4443E-Mail:\u00a0hotel@viktoria.atATU 48770600 Gesch\u00e4ftsf\u00fchrer:Anita Hell Bilder &amp; Visualisierungen Bilder:&nbsp;@TVB Seefeld &#8211;&nbsp;www.seefeld.comRenderings:&nbsp;Renderwerk Wolf &amp; Fr\u00f6ch OG &#8211;&nbsp;www.renderwerk.at Ausschluss der Haftung Haftung f\u00fcr Inhalte S\u00e4mtliche Inhalte unserer Internetseiten sind mit gr\u00f6\u00dftm\u00f6glicher Sorgfalt erstellt worden. Dennoch ist es uns nicht m\u00f6glich, eine Gew\u00e4hr daf\u00fcr [&hellip;]<\/p>\n","protected":false},"author":2,"featured_media":0,"parent":0,"menu_order":0,"comment_status":"closed","ping_status":"closed","template":"","meta":{"_acf_changed":false,"footnotes":""},"class_list":["post-477","page","type-page","status-publish","hentry"],"acf":[],"yoast_head":"<!-- This site is optimized with the Yoast SEO plugin v27.4 - https:\/\/yoast.com\/product\/yoast-seo-wordpress\/ -->\n<title>Imprint - EN A-Vita Living<\/title>\n<meta name=\"robots\" content=\"noindex, nofollow\" \/>\n<meta property=\"og:locale\" content=\"en_US\" \/>\n<meta property=\"og:type\" content=\"article\" \/>\n<meta property=\"og:title\" content=\"Imprint - EN A-Vita Living\" \/>\n<meta property=\"og:description\" content=\"Imprint Unternehmensdaten A-VITA Veranstaltungs GmbH Hohe Munde Stra\u00dfe 589A-6100 Seefeld in Tirol, AustriaTel:\u00a0+43(0)5212 4441Fax: +43(0)5212 4443E-Mail:\u00a0hotel@viktoria.atATU 48770600 Gesch\u00e4ftsf\u00fchrer:Anita Hell Bilder &amp; Visualisierungen Bilder:&nbsp;@TVB Seefeld &#8211;&nbsp;www.seefeld.comRenderings:&nbsp;Renderwerk Wolf &amp; Fr\u00f6ch OG &#8211;&nbsp;www.renderwerk.at Ausschluss der Haftung Haftung f\u00fcr Inhalte S\u00e4mtliche Inhalte unserer Internetseiten sind mit gr\u00f6\u00dftm\u00f6glicher Sorgfalt erstellt worden. Dennoch ist es uns nicht m\u00f6glich, eine Gew\u00e4hr daf\u00fcr [&hellip;]\" \/>\n<meta property=\"og:url\" content=\"https:\/\/www.avita-living.at\/en\/impressum\/\" \/>\n<meta property=\"og:site_name\" content=\"EN A-Vita Living\" \/>\n<meta property=\"article:modified_time\" content=\"2024-02-08T09:34:20+00:00\" \/>\n<meta name=\"twitter:card\" content=\"summary_large_image\" \/>\n<meta name=\"twitter:label1\" content=\"Est. reading time\" \/>\n\t<meta name=\"twitter:data1\" content=\"8 minutes\" \/>\n<script type=\"application\/ld+json\" class=\"yoast-schema-graph\">{\"@context\":\"https:\\\/\\\/schema.org\",\"@graph\":[{\"@type\":\"WebPage\",\"@id\":\"https:\\\/\\\/www.avita-living.at\\\/en\\\/impressum\\\/\",\"url\":\"https:\\\/\\\/www.avita-living.at\\\/en\\\/impressum\\\/\",\"name\":\"Imprint - EN A-Vita Living\",\"isPartOf\":{\"@id\":\"https:\\\/\\\/www.avita-living.at\\\/en\\\/#website\"},\"datePublished\":\"2022-07-05T13:13:44+00:00\",\"dateModified\":\"2024-02-08T09:34:20+00:00\",\"inLanguage\":\"en-US\",\"potentialAction\":[{\"@type\":\"ReadAction\",\"target\":[\"https:\\\/\\\/www.avita-living.at\\\/en\\\/impressum\\\/\"]}]},{\"@type\":\"WebSite\",\"@id\":\"https:\\\/\\\/www.avita-living.at\\\/en\\\/#website\",\"url\":\"https:\\\/\\\/www.avita-living.at\\\/en\\\/\",\"name\":\"EN A-Vita Living\",\"description\":\"Luxury Apartments in Seefeld\",\"publisher\":{\"@id\":\"https:\\\/\\\/www.avita-living.at\\\/en\\\/#organization\"},\"potentialAction\":[{\"@type\":\"SearchAction\",\"target\":{\"@type\":\"EntryPoint\",\"urlTemplate\":\"https:\\\/\\\/www.avita-living.at\\\/en\\\/?s={search_term_string}\"},\"query-input\":{\"@type\":\"PropertyValueSpecification\",\"valueRequired\":true,\"valueName\":\"search_term_string\"}}],\"inLanguage\":\"en-US\"},{\"@type\":\"Organization\",\"@id\":\"https:\\\/\\\/www.avita-living.at\\\/en\\\/#organization\",\"name\":\"EN A-Vita Living\",\"url\":\"https:\\\/\\\/www.avita-living.at\\\/en\\\/\",\"logo\":{\"@type\":\"ImageObject\",\"inLanguage\":\"en-US\",\"@id\":\"https:\\\/\\\/www.avita-living.at\\\/en\\\/#\\\/schema\\\/logo\\\/image\\\/\",\"url\":\"https:\\\/\\\/www.avita-living.at\\\/en\\\/wp-content\\\/uploads\\\/sites\\\/10\\\/2022\\\/07\\\/avita-living.svg\",\"contentUrl\":\"https:\\\/\\\/www.avita-living.at\\\/en\\\/wp-content\\\/uploads\\\/sites\\\/10\\\/2022\\\/07\\\/avita-living.svg\",\"caption\":\"EN A-Vita Living\"},\"image\":{\"@id\":\"https:\\\/\\\/www.avita-living.at\\\/en\\\/#\\\/schema\\\/logo\\\/image\\\/\"}}]}<\/script>\n<!-- \/ Yoast SEO plugin. -->","yoast_head_json":{"title":"Imprint - EN A-Vita Living","robots":{"index":"noindex","follow":"nofollow"},"og_locale":"en_US","og_type":"article","og_title":"Imprint - EN A-Vita Living","og_description":"Imprint Unternehmensdaten A-VITA Veranstaltungs GmbH Hohe Munde Stra\u00dfe 589A-6100 Seefeld in Tirol, AustriaTel:\u00a0+43(0)5212 4441Fax: +43(0)5212 4443E-Mail:\u00a0hotel@viktoria.atATU 48770600 Gesch\u00e4ftsf\u00fchrer:Anita Hell Bilder &amp; Visualisierungen Bilder:&nbsp;@TVB Seefeld &#8211;&nbsp;www.seefeld.comRenderings:&nbsp;Renderwerk Wolf &amp; Fr\u00f6ch OG &#8211;&nbsp;www.renderwerk.at Ausschluss der Haftung Haftung f\u00fcr Inhalte S\u00e4mtliche Inhalte unserer Internetseiten sind mit gr\u00f6\u00dftm\u00f6glicher Sorgfalt erstellt worden. Dennoch ist es uns nicht m\u00f6glich, eine Gew\u00e4hr daf\u00fcr [&hellip;]","og_url":"https:\/\/www.avita-living.at\/en\/impressum\/","og_site_name":"EN A-Vita Living","article_modified_time":"2024-02-08T09:34:20+00:00","twitter_card":"summary_large_image","twitter_misc":{"Est. reading time":"8 minutes"},"schema":{"@context":"https:\/\/schema.org","@graph":[{"@type":"WebPage","@id":"https:\/\/www.avita-living.at\/en\/impressum\/","url":"https:\/\/www.avita-living.at\/en\/impressum\/","name":"Imprint - EN A-Vita Living","isPartOf":{"@id":"https:\/\/www.avita-living.at\/en\/#website"},"datePublished":"2022-07-05T13:13:44+00:00","dateModified":"2024-02-08T09:34:20+00:00","inLanguage":"en-US","potentialAction":[{"@type":"ReadAction","target":["https:\/\/www.avita-living.at\/en\/impressum\/"]}]},{"@type":"WebSite","@id":"https:\/\/www.avita-living.at\/en\/#website","url":"https:\/\/www.avita-living.at\/en\/","name":"EN A-Vita Living","description":"Luxury Apartments in Seefeld","publisher":{"@id":"https:\/\/www.avita-living.at\/en\/#organization"},"potentialAction":[{"@type":"SearchAction","target":{"@type":"EntryPoint","urlTemplate":"https:\/\/www.avita-living.at\/en\/?s={search_term_string}"},"query-input":{"@type":"PropertyValueSpecification","valueRequired":true,"valueName":"search_term_string"}}],"inLanguage":"en-US"},{"@type":"Organization","@id":"https:\/\/www.avita-living.at\/en\/#organization","name":"EN A-Vita Living","url":"https:\/\/www.avita-living.at\/en\/","logo":{"@type":"ImageObject","inLanguage":"en-US","@id":"https:\/\/www.avita-living.at\/en\/#\/schema\/logo\/image\/","url":"https:\/\/www.avita-living.at\/en\/wp-content\/uploads\/sites\/10\/2022\/07\/avita-living.svg","contentUrl":"https:\/\/www.avita-living.at\/en\/wp-content\/uploads\/sites\/10\/2022\/07\/avita-living.svg","caption":"EN A-Vita Living"},"image":{"@id":"https:\/\/www.avita-living.at\/en\/#\/schema\/logo\/image\/"}}]}},"_links":{"self":[{"href":"https:\/\/www.avita-living.at\/en\/wp-json\/wp\/v2\/pages\/477","targetHints":{"allow":["GET"]}}],"collection":[{"href":"https:\/\/www.avita-living.at\/en\/wp-json\/wp\/v2\/pages"}],"about":[{"href":"https:\/\/www.avita-living.at\/en\/wp-json\/wp\/v2\/types\/page"}],"author":[{"embeddable":true,"href":"https:\/\/www.avita-living.at\/en\/wp-json\/wp\/v2\/users\/2"}],"replies":[{"embeddable":true,"href":"https:\/\/www.avita-living.at\/en\/wp-json\/wp\/v2\/comments?post=477"}],"version-history":[{"count":6,"href":"https:\/\/www.avita-living.at\/en\/wp-json\/wp\/v2\/pages\/477\/revisions"}],"predecessor-version":[{"id":2496,"href":"https:\/\/www.avita-living.at\/en\/wp-json\/wp\/v2\/pages\/477\/revisions\/2496"}],"wp:attachment":[{"href":"https:\/\/www.avita-living.at\/en\/wp-json\/wp\/v2\/media?parent=477"}],"curies":[{"name":"wp","href":"https:\/\/api.w.org\/{rel}","templated":true}]}}